{"id":15,"date":"2021-11-21T15:14:41","date_gmt":"2021-11-21T21:14:41","guid":{"rendered":"https:\/\/fafmujer.org\/index.php\/services\/"},"modified":"2026-08-04T22:03:17","modified_gmt":"2026-08-05T04:03:17","slug":"testimonios-mujer","status":"publish","type":"page","link":"https:\/\/fafmujer.org\/index.php\/testimonios-mujer\/","title":{"rendered":"Testimonios"},"content":{"rendered":"\t\t<div data-elementor-type=\"wp-page\" data-elementor-id=\"15\" class=\"elementor elementor-15\">\n\t\t\t\t\t\t<section class=\"elementor-section elementor-top-section elementor-element elementor-element-016681f elementor-section-boxed elementor-section-height-default elementor-section-height-default wpr-particle-no wpr-jarallax-no wpr-parallax-no wpr-sticky-section-no\" data-id=\"016681f\" data-element_type=\"section\">\n\t\t\t\t\t\t<div class=\"elementor-container elementor-column-gap-default\">\n\t\t\t\t\t<div class=\"elementor-column elementor-col-100 elementor-top-column elementor-element elementor-element-7da8c41\" data-id=\"7da8c41\" data-element_type=\"column\">\n\t\t\t<div class=\"elementor-widget-wrap elementor-element-populated\">\n\t\t\t\t\t\t<div class=\"elementor-element elementor-element-93051d1 elementor-widget elementor-widget-heading\" data-id=\"93051d1\" data-element_type=\"widget\" data-widget_type=\"heading.default\">\n\t\t\t\t<div class=\"elementor-widget-container\">\n\t\t\t<h2 class=\"elementor-heading-title elementor-size-default\">Testimonios<\/h2>\t\t<\/div>\n\t\t\t\t<\/div>\n\t\t\t\t\t<\/div>\n\t\t<\/div>\n\t\t\t\t\t<\/div>\n\t\t<\/section>\n\t\t\t\t<section class=\"elementor-section elementor-top-section elementor-element elementor-element-dfe87ae elementor-section-boxed elementor-section-height-default elementor-section-height-default wpr-particle-no wpr-jarallax-no wpr-parallax-no wpr-sticky-section-no\" data-id=\"dfe87ae\" data-element_type=\"section\">\n\t\t\t\t\t\t<div class=\"elementor-container elementor-column-gap-default\">\n\t\t\t\t\t<div class=\"elementor-column elementor-col-50 elementor-top-column elementor-element elementor-element-f485586\" data-id=\"f485586\" data-element_type=\"column\">\n\t\t\t<div class=\"elementor-widget-wrap elementor-element-populated\">\n\t\t\t\t\t\t<div class=\"elementor-element elementor-element-b5d284b elementor-widget__width-initial elementor-widget elementor-widget-image\" data-id=\"b5d284b\" data-element_type=\"widget\" data-widget_type=\"image.default\">\n\t\t\t\t<div class=\"elementor-widget-container\">\n\t\t\t\t\t\t\t\t\t\t\t\t\t<img fetchpriority=\"high\" decoding=\"async\" width=\"960\" height=\"1280\" src=\"https:\/\/fafmujer.org\/wp-content\/uploads\/2026\/02\/cd26f0f0-a569-4b56-945a-793215028ce5.jpg\" class=\"attachment-full size-full wp-image-1916\" alt=\"\" srcset=\"https:\/\/fafmujer.org\/wp-content\/uploads\/2026\/02\/cd26f0f0-a569-4b56-945a-793215028ce5.jpg 960w, https:\/\/fafmujer.org\/wp-content\/uploads\/2026\/02\/cd26f0f0-a569-4b56-945a-793215028ce5-225x300.jpg 225w, https:\/\/fafmujer.org\/wp-content\/uploads\/2026\/02\/cd26f0f0-a569-4b56-945a-793215028ce5-768x1024.jpg 768w\" sizes=\"(max-width: 960px) 100vw, 960px\" \/>\t\t\t\t\t\t\t\t\t\t\t\t\t<\/div>\n\t\t\t\t<\/div>\n\t\t\t\t\t<\/div>\n\t\t<\/div>\n\t\t\t\t<div class=\"elementor-column elementor-col-50 elementor-top-column elementor-element elementor-element-7d00c84\" data-id=\"7d00c84\" data-element_type=\"column\">\n\t\t\t<div class=\"elementor-widget-wrap elementor-element-populated\">\n\t\t\t\t\t\t<div class=\"elementor-element elementor-element-c31e03f elementor-widget__width-initial elementor-widget elementor-widget-text-editor\" data-id=\"c31e03f\" data-element_type=\"widget\" data-widget_type=\"text-editor.default\">\n\t\t\t\t<div class=\"elementor-widget-container\">\n\t\t\t\t\t\t\t<p data-start=\"198\" data-end=\"248\"><em style=\"font-weight: inherit;\" data-start=\"250\" data-end=\"533\">\u00abDurante muchos a\u00f1os pens\u00e9 que amar era darlo todo, incluso cuando eso significaba olvidarme de m\u00ed. Viv\u00ed una relaci\u00f3n donde me sent\u00eda vac\u00eda, ansiosa y dependiente&#8230; pero pensaba que era normal, que as\u00ed era el amor. No sab\u00eda que lo que realmente viv\u00eda era codependencia emocional.\u00bb<\/em><\/p><p data-start=\"535\" data-end=\"859\"><em data-start=\"535\" data-end=\"859\">\u00abLlegar a la Fundaci\u00f3n Alianza en Favor de la Mujer fue un antes y un despu\u00e9s. Me escucharon sin juzgar, me ayudaron a ver lo que no pod\u00eda sola. Gracias a la terapia comprend\u00ed que merezco amor, pero tambi\u00e9n respeto, libertad y bienestar. Hoy puedo decir que me estoy reconstruyendo, que me estoy eligiendo todos los d\u00edas.\u00bb<\/em><\/p><p data-start=\"861\" data-end=\"1006\"><em data-start=\"864\" data-end=\"983\">\u00abNo es f\u00e1cil, pero con el acompa\u00f1amiento correcto, todo es posible. Gracias por devolverme la voz que hab\u00eda perdido.\u00bb<\/em><\/p>\t\t\t\t\t\t<\/div>\n\t\t\t\t<\/div>\n\t\t\t\t\t<\/div>\n\t\t<\/div>\n\t\t\t\t\t<\/div>\n\t\t<\/section>\n\t\t\t\t<section class=\"elementor-section elementor-top-section elementor-element elementor-element-d7239e4 elementor-section-boxed elementor-section-height-default elementor-section-height-default wpr-particle-no wpr-jarallax-no wpr-parallax-no wpr-sticky-section-no\" data-id=\"d7239e4\" data-element_type=\"section\">\n\t\t\t\t\t\t<div class=\"elementor-container elementor-column-gap-default\">\n\t\t\t\t\t<div class=\"elementor-column elementor-col-100 elementor-top-column elementor-element elementor-element-3dfb4ba\" data-id=\"3dfb4ba\" data-element_type=\"column\">\n\t\t\t<div class=\"elementor-widget-wrap\">\n\t\t\t\t\t\t\t<\/div>\n\t\t<\/div>\n\t\t\t\t\t<\/div>\n\t\t<\/section>\n\t\t\t\t<section class=\"elementor-section elementor-top-section elementor-element elementor-element-5ce1095 elementor-section-boxed elementor-section-height-default elementor-section-height-default wpr-particle-no wpr-jarallax-no wpr-parallax-no wpr-sticky-section-no\" data-id=\"5ce1095\" data-element_type=\"section\">\n\t\t\t\t\t\t<div class=\"elementor-container elementor-column-gap-default\">\n\t\t\t\t\t<div class=\"elementor-column elementor-col-50 elementor-top-column elementor-element elementor-element-15cfb90\" data-id=\"15cfb90\" data-element_type=\"column\">\n\t\t\t<div class=\"elementor-widget-wrap elementor-element-populated\">\n\t\t\t\t\t\t<div class=\"elementor-element elementor-element-a26d886 elementor-widget__width-initial elementor-widget elementor-widget-image\" data-id=\"a26d886\" data-element_type=\"widget\" data-widget_type=\"image.default\">\n\t\t\t\t<div class=\"elementor-widget-container\">\n\t\t\t\t\t\t\t\t\t\t\t\t\t<img decoding=\"async\" width=\"960\" height=\"1280\" src=\"https:\/\/fafmujer.org\/wp-content\/uploads\/2026\/02\/WhatsApp-Image-2026-02-05-at-12.09.05-AM.jpeg\" class=\"attachment-full size-full wp-image-1871\" alt=\"\" srcset=\"https:\/\/fafmujer.org\/wp-content\/uploads\/2026\/02\/WhatsApp-Image-2026-02-05-at-12.09.05-AM.jpeg 960w, https:\/\/fafmujer.org\/wp-content\/uploads\/2026\/02\/WhatsApp-Image-2026-02-05-at-12.09.05-AM-225x300.jpeg 225w, https:\/\/fafmujer.org\/wp-content\/uploads\/2026\/02\/WhatsApp-Image-2026-02-05-at-12.09.05-AM-768x1024.jpeg 768w\" sizes=\"(max-width: 960px) 100vw, 960px\" \/>\t\t\t\t\t\t\t\t\t\t\t\t\t<\/div>\n\t\t\t\t<\/div>\n\t\t\t\t\t<\/div>\n\t\t<\/div>\n\t\t\t\t<div class=\"elementor-column elementor-col-50 elementor-top-column elementor-element elementor-element-97c09ce\" data-id=\"97c09ce\" data-element_type=\"column\">\n\t\t\t<div class=\"elementor-widget-wrap elementor-element-populated\">\n\t\t\t\t\t\t<div class=\"elementor-element elementor-element-f06fcd5 elementor-widget__width-initial elementor-widget elementor-widget-text-editor\" data-id=\"f06fcd5\" data-element_type=\"widget\" data-widget_type=\"text-editor.default\">\n\t\t\t\t<div class=\"elementor-widget-container\">\n\t\t\t\t\t\t\t<p data-start=\"307\" data-end=\"724\">\u00abLlegu\u00e9 a la Fundaci\u00f3n en uno de los momentos m\u00e1s dif\u00edciles de mi vida. Hab\u00eda pasado a\u00f1os en una relaci\u00f3n donde el maltrato psicol\u00f3gico y la violencia eran parte de mi d\u00eda a d\u00eda. Me sent\u00eda atrapada, con miedo constante, sin fuerzas y, sobre todo, sin esperanza. No sab\u00eda que exist\u00eda un lugar donde pudiera recibir apoyo sin ser juzgada, donde pudiera hablar sin temor y donde mi historia ser\u00eda escuchada con empat\u00eda.<\/p><p data-start=\"726\" data-end=\"1184\">Desde el primer contacto con la Fundaci\u00f3n Alianza en Favor de la Mujer, supe que no estaba sola. Me brindaron atenci\u00f3n psicol\u00f3gica, orientaci\u00f3n legal y, lo m\u00e1s importante, una red de apoyo humano que me acompa\u00f1\u00f3 paso a paso en mi proceso de recuperaci\u00f3n. Los talleres que ofrecen me ayudaron a reconstruir mi autoestima, a entender mis derechos y a reconocer mi valor como mujer. No solo recib\u00ed ayuda, tambi\u00e9n encontr\u00e9 un espacio seguro donde sanar y crecer.<\/p><p data-start=\"1186\" data-end=\"1594\">Gracias al compromiso de esta fundaci\u00f3n, hoy puedo mirar hacia atr\u00e1s y ver todo lo que he superado. Ahora soy una mujer empoderada, con herramientas para defenderme, con metas claras y con la convicci\u00f3n de que merezco vivir una vida libre de violencia. Siempre estar\u00e9 agradecida con cada persona que forma parte de este hermoso proyecto. La Fundaci\u00f3n no solo me ayud\u00f3 a salir adelante\u2026 me devolvi\u00f3 la vida.\u201d<\/p>\t\t\t\t\t\t<\/div>\n\t\t\t\t<\/div>\n\t\t\t\t\t<\/div>\n\t\t<\/div>\n\t\t\t\t\t<\/div>\n\t\t<\/section>\n\t\t\t\t<section class=\"elementor-section elementor-top-section elementor-element elementor-element-e1a03c4 elementor-section-boxed elementor-section-height-default elementor-section-height-default wpr-particle-no wpr-jarallax-no wpr-parallax-no wpr-sticky-section-no\" data-id=\"e1a03c4\" data-element_type=\"section\">\n\t\t\t\t\t\t<div class=\"elementor-container elementor-column-gap-default\">\n\t\t\t\t\t<div class=\"elementor-column elementor-col-100 elementor-top-column elementor-element elementor-element-f40fe94\" data-id=\"f40fe94\" data-element_type=\"column\">\n\t\t\t<div class=\"elementor-widget-wrap elementor-element-populated\">\n\t\t\t\t\t\t<div class=\"elementor-element elementor-element-f1baade elementor-widget elementor-widget-heading\" data-id=\"f1baade\" data-element_type=\"widget\" data-widget_type=\"heading.default\">\n\t\t\t\t<div class=\"elementor-widget-container\">\n\t\t\t<h2 class=\"elementor-heading-title elementor-size-default\"><br><br>En honor a la fuerza la sabiduria y la dignidada de la mujer...<\/h2>\t\t<\/div>\n\t\t\t\t<\/div>\n\t\t\t\t\t<\/div>\n\t\t<\/div>\n\t\t\t\t\t<\/div>\n\t\t<\/section>\n\t\t\t\t<section class=\"elementor-section elementor-top-section elementor-element elementor-element-c67cf3b elementor-section-boxed elementor-section-height-default elementor-section-height-default wpr-particle-no wpr-jarallax-no wpr-parallax-no wpr-sticky-section-no\" data-id=\"c67cf3b\" data-element_type=\"section\" data-settings=\"{&quot;background_background&quot;:&quot;classic&quot;}\">\n\t\t\t\t\t\t<div class=\"elementor-container elementor-column-gap-default\">\n\t\t\t\t\t<div class=\"elementor-column elementor-col-50 elementor-top-column elementor-element elementor-element-2a8eb5d\" data-id=\"2a8eb5d\" data-element_type=\"column\">\n\t\t\t<div class=\"elementor-widget-wrap elementor-element-populated\">\n\t\t\t\t\t\t<div class=\"elementor-element elementor-element-42d54b6 elementor-widget__width-initial elementor-absolute elementor-widget elementor-widget-image\" data-id=\"42d54b6\" data-element_type=\"widget\" data-settings=\"{&quot;_position&quot;:&quot;absolute&quot;}\" data-widget_type=\"image.default\">\n\t\t\t\t<div class=\"elementor-widget-container\">\n\t\t\t\t\t\t\t\t\t\t\t\t\t<img decoding=\"async\" width=\"768\" height=\"1024\" src=\"https:\/\/fafmujer.org\/wp-content\/uploads\/2026\/02\/61f2004f-c93c-469b-9486-53824075d16b-768x1024.jpg\" class=\"attachment-large size-large wp-image-1912\" alt=\"\" srcset=\"https:\/\/fafmujer.org\/wp-content\/uploads\/2026\/02\/61f2004f-c93c-469b-9486-53824075d16b-768x1024.jpg 768w, https:\/\/fafmujer.org\/wp-content\/uploads\/2026\/02\/61f2004f-c93c-469b-9486-53824075d16b-225x300.jpg 225w, https:\/\/fafmujer.org\/wp-content\/uploads\/2026\/02\/61f2004f-c93c-469b-9486-53824075d16b.jpg 960w\" sizes=\"(max-width: 768px) 100vw, 768px\" \/>\t\t\t\t\t\t\t\t\t\t\t\t\t<\/div>\n\t\t\t\t<\/div>\n\t\t\t\t<div class=\"elementor-element elementor-element-a4860d3 elementor-widget__width-initial elementor-absolute elementor-widget elementor-widget-heading\" data-id=\"a4860d3\" data-element_type=\"widget\" data-settings=\"{&quot;_position&quot;:&quot;absolute&quot;}\" data-widget_type=\"heading.default\">\n\t\t\t\t<div class=\"elementor-widget-container\">\n\t\t\t<h2 class=\"elementor-heading-title elementor-size-default\"><p><strong style=\"font-style: inherit\">Mujeres unidas: tejiendo comunidad, compartiendo vida y fortaleciendo lazos.<\/strong><\/p><br><\/h2>\t\t<\/div>\n\t\t\t\t<\/div>\n\t\t\t\t<div class=\"elementor-element elementor-element-653d941 elementor-widget__width-initial elementor-absolute elementor-widget elementor-widget-video\" data-id=\"653d941\" data-element_type=\"widget\" data-settings=\"{&quot;video_type&quot;:&quot;hosted&quot;,&quot;_position&quot;:&quot;absolute&quot;,&quot;controls&quot;:&quot;yes&quot;}\" data-widget_type=\"video.default\">\n\t\t\t\t<div class=\"elementor-widget-container\">\n\t\t\t\t\t<div class=\"e-hosted-video elementor-wrapper elementor-open-inline\">\n\t\t\t\t\t<video class=\"elementor-video\" src=\"https:\/\/fafmujer.org\/wp-content\/uploads\/2026\/02\/Download-1.mp4\" controls=\"\" preload=\"metadata\" controlsList=\"nodownload\"><\/video>\n\t\t\t\t<\/div>\n\t\t\t\t<\/div>\n\t\t\t\t<\/div>\n\t\t\t\t\t<\/div>\n\t\t<\/div>\n\t\t\t\t<div class=\"elementor-column elementor-col-50 elementor-top-column elementor-element elementor-element-5a1a8a5\" data-id=\"5a1a8a5\" data-element_type=\"column\">\n\t\t\t<div class=\"elementor-widget-wrap elementor-element-populated\">\n\t\t\t\t\t\t<div class=\"elementor-element elementor-element-2016b0b elementor-widget__width-initial elementor-widget elementor-widget-text-editor\" data-id=\"2016b0b\" data-element_type=\"widget\" data-widget_type=\"text-editor.default\">\n\t\t\t\t<div class=\"elementor-widget-container\">\n\t\t\t\t\t\t\t<p data-start=\"143\" data-end=\"207\">\u00a0<\/p><p data-start=\"143\" data-end=\"207\"><strong data-start=\"143\" data-end=\"207\">\u00a0<\/strong>La mujer es el pilar fundamental de nuestras comunidades. Su voz, su trabajo y su presencia son la ra\u00edz del cambio, el sost\u00e9n de la familia y el motor de la sociedad. A trav\u00e9s de los a\u00f1os, las mujeres han resistido, luchado y transformado realidades con una valent\u00eda silenciosa y constante. Desde los hogares hasta los espacios p\u00fablicos, desde el cuidado de los suyos hasta el liderazgo social, su papel ha sido esencial, aunque no siempre reconocido como merece.<\/p><p data-start=\"143\" data-end=\"207\">\u00a0<\/p><p data-start=\"1063\" data-end=\"1345\">Esta imagen representa m\u00e1s que una reuni\u00f3n: representa una red de apoyo viva y poderosa, una comunidad de mujeres que comparten saberes, que se acompa\u00f1an, que se fortalecen entre s\u00ed. Aqu\u00ed no hay edades ni clases sociales que dividan, sino historias comunes que unen y dan sentido.<\/p><p data-start=\"1063\" data-end=\"1345\">\u00a0<\/p><p data-start=\"1347\" data-end=\"1681\">En un mundo que muchas veces les ha exigido callar, hoy reconocemos su derecho a hablar, a decidir, a liderar. Nos unimos para garantizar entornos libres de violencia, con igualdad de oportunidades y pleno respeto a sus derechos humanos. Porque empoderar a una mujer es transformar a una familia, a una comunidad y a toda la sociedad.<\/p><p data-start=\"1347\" data-end=\"1681\">\u00a0<\/p><p data-start=\"1683\" data-end=\"1918\">Gracias a cada una de ustedes por su ejemplo, por su entrega y por ser la voz de tantas otras que a\u00fan luchan por ser escuchadas. Que esta sea una celebraci\u00f3n de sus vidas, de su dignidad y de todo lo que a\u00fan est\u00e1n por construir, <span style=\"color: #8000ff;\"><strong>juntas<\/strong><\/span>.<\/p>\t\t\t\t\t\t<\/div>\n\t\t\t\t<\/div>\n\t\t\t\t\t<\/div>\n\t\t<\/div>\n\t\t\t\t\t<\/div>\n\t\t<\/section>\n\t\t\t\t<section class=\"elementor-section elementor-top-section elementor-element elementor-element-a4deddb elementor-section-boxed elementor-section-height-default elementor-section-height-default wpr-particle-no wpr-jarallax-no wpr-parallax-no wpr-sticky-section-no\" data-id=\"a4deddb\" data-element_type=\"section\">\n\t\t\t\t\t\t<div class=\"elementor-container elementor-column-gap-default\">\n\t\t\t\t\t<div class=\"elementor-column elementor-col-100 elementor-top-column elementor-element elementor-element-6654c60\" data-id=\"6654c60\" data-element_type=\"column\">\n\t\t\t<div class=\"elementor-widget-wrap elementor-element-populated\">\n\t\t\t\t\t\t<div class=\"elementor-element elementor-element-49dd1e5 elementor-widget elementor-widget-image\" data-id=\"49dd1e5\" data-element_type=\"widget\" data-widget_type=\"image.default\">\n\t\t\t\t<div class=\"elementor-widget-container\">\n\t\t\t\t\t\t\t\t\t\t\t\t\t<img loading=\"lazy\" decoding=\"async\" width=\"1024\" height=\"576\" src=\"https:\/\/fafmujer.org\/wp-content\/uploads\/2023\/08\/Agregar-un-titulo-1024x576.png\" class=\"attachment-large size-large wp-image-1331\" alt=\"\" srcset=\"https:\/\/fafmujer.org\/wp-content\/uploads\/2023\/08\/Agregar-un-titulo-1024x576.png 1024w, https:\/\/fafmujer.org\/wp-content\/uploads\/2023\/08\/Agregar-un-titulo-300x169.png 300w, https:\/\/fafmujer.org\/wp-content\/uploads\/2023\/08\/Agregar-un-titulo-768x432.png 768w, https:\/\/fafmujer.org\/wp-content\/uploads\/2023\/08\/Agregar-un-titulo-1536x864.png 1536w, https:\/\/fafmujer.org\/wp-content\/uploads\/2023\/08\/Agregar-un-titulo-60x34.png 60w, https:\/\/fafmujer.org\/wp-content\/uploads\/2023\/08\/Agregar-un-titulo.png 1920w\" sizes=\"(max-width: 1024px) 100vw, 1024px\" \/>\t\t\t\t\t\t\t\t\t\t\t\t\t<\/div>\n\t\t\t\t<\/div>\n\t\t\t\t\t<\/div>\n\t\t<\/div>\n\t\t\t\t\t<\/div>\n\t\t<\/section>\n\t\t\t\t<\/div>\n\t\t","protected":false},"excerpt":{"rendered":"<p>Testimonios \u00abDurante muchos a\u00f1os pens\u00e9 que amar era darlo todo, incluso cuando eso significaba olvidarme de m\u00ed. Viv\u00ed una relaci\u00f3n donde me sent\u00eda vac\u00eda, ansiosa y dependiente&#8230; pero pensaba que era normal, que as\u00ed era el amor. No sab\u00eda que lo que realmente viv\u00eda era codependencia emocional.\u00bb \u00abLlegar a la Fundaci\u00f3n Alianza en Favor de &hellip;<\/p>\n<p class=\"read-more\"> <a class=\"\" href=\"https:\/\/fafmujer.org\/index.php\/testimonios-mujer\/\"> <span class=\"screen-reader-text\">Testimonios<\/span> Leer m\u00e1s &raquo;<\/a><\/p>\n","protected":false},"author":1,"featured_media":0,"parent":0,"menu_order":0,"comment_status":"closed","ping_status":"closed","template":"","meta":{"site-sidebar-layout":"no-sidebar","site-content-layout":"page-builder","ast-site-content-layout":"full-width-container","site-content-style":"unboxed","site-sidebar-style":"unboxed","ast-global-header-display":"","ast-banner-title-visibility":"","ast-main-header-display":"","ast-hfb-above-header-display":"","ast-hfb-below-header-display":"","ast-hfb-mobile-header-display":"","site-post-title":"disabled","ast-breadcrumbs-content":"","ast-featured-img":"disabled","footer-sml-layout":"","theme-transparent-header-meta":"disabled","adv-header-id-meta":"","stick-header-meta":"","header-above-stick-meta":"","header-main-stick-meta":"","header-below-stick-meta":"","astra-migrate-meta-layouts":"set","footnotes":""},"class_list":["post-15","page","type-page","status-publish","hentry"],"_links":{"self":[{"href":"https:\/\/fafmujer.org\/index.php\/wp-json\/wp\/v2\/pages\/15","targetHints":{"allow":["GET"]}}],"collection":[{"href":"https:\/\/fafmujer.org\/index.php\/wp-json\/wp\/v2\/pages"}],"about":[{"href":"https:\/\/fafmujer.org\/index.php\/wp-json\/wp\/v2\/types\/page"}],"author":[{"embeddable":true,"href":"https:\/\/fafmujer.org\/index.php\/wp-json\/wp\/v2\/users\/1"}],"replies":[{"embeddable":true,"href":"https:\/\/fafmujer.org\/index.php\/wp-json\/wp\/v2\/comments?post=15"}],"version-history":[{"count":62,"href":"https:\/\/fafmujer.org\/index.php\/wp-json\/wp\/v2\/pages\/15\/revisions"}],"predecessor-version":[{"id":2164,"href":"https:\/\/fafmujer.org\/index.php\/wp-json\/wp\/v2\/pages\/15\/revisions\/2164"}],"wp:attachment":[{"href":"https:\/\/fafmujer.org\/index.php\/wp-json\/wp\/v2\/media?parent=15"}],"curies":[{"name":"wp","href":"https:\/\/api.w.org\/{rel}","templated":true}]}}